{"id":2,"date":"2020-01-13T17:17:11","date_gmt":"2020-01-13T17:17:11","guid":{"rendered":"https:\/\/eraclitea.org\/progettoprepairregioneveneto\/?page_id=2"},"modified":"2022-07-18T10:30:55","modified_gmt":"2022-07-18T10:30:55","slug":"home","status":"publish","type":"page","link":"https:\/\/eraclitea.org\/progettoprepairregioneveneto\/","title":{"rendered":"Home"},"content":{"rendered":"\n\t<section class=\"section\" id=\"section_1913588358\">\n\t\t<div class=\"bg section-bg fill bg-fill  bg-loaded\" >\n\n\t\t\t\n\t\t\t\n\t\t\t\n\n\t\t<\/div><!-- .section-bg -->\n\n\t\t<div class=\"section-content relative\">\n\t\t\t\n\n<div class=\"row\"  id=\"row-1770034473\">\n\n<div class=\"col small-12 large-12\"  ><div class=\"col-inner text-center\"  >\n\n\t<div class=\"img has-hover x md-x lg-x y md-y lg-y\" id=\"image_1840426952\">\n\t\t\t\t\t\t\t\t<div class=\"img-inner dark\" >\n\t\t\t<img loading=\"lazy\" decoding=\"async\" width=\"500\" height=\"152\" src=\"https:\/\/eraclitea.org\/progettoprepairregioneveneto\/wp-content\/uploads\/2020\/01\/loghi-progetto-veneto1.jpg\" class=\"attachment-original size-original\" alt=\"\" srcset=\"https:\/\/eraclitea.org\/progettoprepairregioneveneto\/wp-content\/uploads\/2020\/01\/loghi-progetto-veneto1.jpg 500w, https:\/\/eraclitea.org\/progettoprepairregioneveneto\/wp-content\/uploads\/2020\/01\/loghi-progetto-veneto1-300x91.jpg 300w\" sizes=\"auto, (max-width: 500px) 100vw, 500px\" \/>\t\t\t\t\t\t\n\t\t\t\t\t<\/div>\n\t\t\t\t\t\t\t\t\n<style scope=\"scope\">\n\n#image_1840426952 {\n  width: 50%;\n}\n<\/style>\n\t<\/div>\n\t\n\n\n<\/div><\/div>\n\n<\/div>\n\n\t\t<\/div><!-- .section-content -->\n\n\t\t\n<style scope=\"scope\">\n\n#section_1913588358 {\n  padding-top: 0px;\n  padding-bottom: 0px;\n}\n<\/style>\n\t<\/section>\n\t\n\t<section class=\"section\" id=\"section_11569846\">\n\t\t<div class=\"bg section-bg fill bg-fill  bg-loaded\" >\n\n\t\t\t\n\t\t\t\n\t\t\t\n\n\t\t<\/div><!-- .section-bg -->\n\n\t\t<div class=\"section-content relative\">\n\t\t\t\n\n<div class=\"row row-collapse\"  id=\"row-1414301320\">\n\n<div class=\"col small-12 large-12\"  ><div class=\"col-inner\"  >\n\n<h2 style=\"text-align: center;\"><span style=\"color: #ffffff;\"><strong>PROGRAMMA PER L\u2019AMBIENTE E L\u2019AZIONE PER IL CLIMA (LIFE 2014 \u2013 2020)<\/strong><\/span><\/h2>\n<h3 style=\"text-align: center;\"><span style=\"color: #ffffff;\"><strong>PROGETTO INTEGRATO PREPAIR &#8211; <\/strong><strong>\u201cPO REGIONS ENGAGED TO POLICIES OF AIR\u201d<\/strong><\/span><\/h3>\n<p style=\"text-align: center;\"><span style=\"color: #ffffff; font-size: 90%;\">\u00a0CORSO GRATUITO FINANZIATO CON FONDI EUROPEI PER LA RIQUALIFICAZIONE ENERGETICA DEI CONDOMINI <\/span><\/p>\n<h2 style=\"text-align: center;\"><span style=\"color: #ffffff; font-size: 90%;\">&#8220;EDIFICI AD ENERGIA QUASI ZERO&#8221;<\/span><\/h2>\n\n<\/div><\/div>\n\n\n<style scope=\"scope\">\n\n<\/style>\n<\/div>\n\n\t\t<\/div><!-- .section-content -->\n\n\t\t\n<style scope=\"scope\">\n\n#section_11569846 {\n  padding-top: 0px;\n  padding-bottom: 0px;\n  background-color: #7a9c59;\n}\n<\/style>\n\t<\/section>\n\t\n\t<section class=\"section\" id=\"section_1980913072\">\n\t\t<div class=\"bg section-bg fill bg-fill  bg-loaded\" >\n\n\t\t\t\n\t\t\t\n\t\t\t\n\n\t\t<\/div><!-- .section-bg -->\n\n\t\t<div class=\"section-content relative\">\n\t\t\t\n\n<div class=\"row row-solid\"  id=\"row-1173407236\">\n\n<div class=\"col small-12 large-12\"  ><div class=\"col-inner\"  >\n\n<h3 style=\"text-align: center;\"><span style=\"color: #ffffff;\"><strong>Corsi riservati agli iscritti agli Ordini della Regione Veneto<\/strong><\/span><\/h3>\n\n<\/div><\/div>\n\n\n<style scope=\"scope\">\n\n#row-1173407236 > .col > .col-inner {\n  background-color: #446084;\n}\n<\/style>\n<\/div>\n<div class=\"row align-equal align-center row-solid\"  id=\"row-484322598\">\n\n<div class=\"col medium-6 small-12 large-6\"  ><div class=\"col-inner text-center\" style=\"background-color:rgb(231, 231, 231);\" >\n\n<h2 class=\"uppercase bold\" style=\"text-align: center;\" data-line-height=\"xs\"><b>PRIMA EDIZIONE<\/b><\/h2>\n<p style=\"text-align: center;\" data-line-height=\"xs\"><span style=\"font-size: 120%;\" data-line-height=\"xs\">bacino d\u2019utenza provincia di <strong>Venezia<\/strong><\/span><\/p>\n<p style=\"text-align: center;\" data-line-height=\"xs\"><span style=\"font-size: 120%;\">modalit\u00e0 e-learning<\/span><\/p>\n<p style=\"text-align: center;\" data-line-height=\"xs\"><span style=\"font-size: 130%;\" data-line-height=\"s\"><strong>Data di inizio: <\/strong>20 Maggio 2020<\/span><\/p>\n<p style=\"text-align: center;\"><span style=\"font-size: 130%;\" data-line-height=\"xs\"><strong>Data di fine: <\/strong>09 Settembre 2020<\/span><\/p>\n<a rel=\"noopener noreferrer\" href=\"https:\/\/eraclitea.org\/progettoprepairregioneveneto\/wp-content\/uploads\/2020\/04\/Calendario-1\u00b0-edizione-bacino-d\u2019utenza-prov.-di-Venezia.pdf\" target=\"_blank\" class=\"button success\"  style=\"border-radius:99px;\">\n    <span>Calendario 1\u00b0 edizione<\/span>\n  <\/a>\n\n\n\n<\/div><\/div>\n<div class=\"col medium-6 small-12 large-6\"  ><div class=\"col-inner text-center\" style=\"background-color:rgb(231, 231, 231);\" >\n\n<h2 class=\"uppercase bold\" style=\"text-align: center;\" data-line-height=\"xs\"><b>SECONDA EDIZIONE<\/b><\/h2>\n<p style=\"text-align: center;\" data-line-height=\"xs\"><span style=\"font-size: 120%;\">bacino d\u2019utenza provincia di <strong>Verona<\/strong><\/span><\/p>\n<p style=\"text-align: center;\" data-line-height=\"xs\"><span style=\"font-size: 120%;\">modalit\u00e0 e-learning<\/span><\/p>\n<p style=\"text-align: center;\" data-line-height=\"xs\"><span style=\"font-size: 130%;\" data-line-height=\"s\"><strong>Data di inizio: <\/strong>16 Settembre 2020<\/span><\/p>\n<p style=\"text-align: center;\"><span style=\"font-size: 130%;\" data-line-height=\"xs\"><strong>Data di fine: <\/strong>16 Dicembre 2020<\/span><\/p>\n<a rel=\"noopener noreferrer\" href=\"https:\/\/eraclitea.org\/progettoprepairregioneveneto\/wp-content\/uploads\/2020\/06\/Calendario-2\u00b0-edizione-bacino-d\u2019utenza-prov.-di-Verona.pdf\" target=\"_blank\" class=\"button success\"  style=\"border-radius:99px;\">\n    <span>Calendario 2\u00b0 edizione<\/span>\n  <\/a>\n\n\n\n<\/div><\/div>\n<div class=\"col medium-6 small-12 large-6\"  ><div class=\"col-inner text-center\" style=\"background-color:rgb(231, 231, 231);\" >\n\n<h2 class=\"uppercase bold\" style=\"text-align: center;\" data-line-height=\"xs\"><b>TERZA EDIZIONE<\/b><\/h2>\n<p style=\"text-align: center;\" data-line-height=\"xs\"><span style=\"font-size: 120%;\">bacino d\u2019utenza provincia <strong>Regione Veneto<\/strong><\/span><\/p>\n<p style=\"text-align: center;\" data-line-height=\"xs\"><span style=\"font-size: 120%;\">modalit\u00e0 e-learning<\/span><\/p>\n<p style=\"text-align: center;\" data-line-height=\"xs\"><span style=\"font-size: 130%;\" data-line-height=\"s\"><strong>Data di inizio: <\/strong>17 Febbraio 2021<\/span><\/p>\n<p style=\"text-align: center;\"><span style=\"font-size: 130%;\" data-line-height=\"xs\"><strong>Data di fine: <\/strong>19 Maggio 2021<\/span><\/p>\n<p style=\"text-align: center;\" data-padding=\"5px\"><strong><span style=\"font-size: 105%;\" data-line-height=\"xs\">Termine ultimo per le iscrizioni: 12 Febbraio 2021 <\/span><\/strong><\/p>\n<a rel=\"noopener noreferrer\" href=\"https:\/\/eraclitea.org\/progettoprepairregioneveneto\/wp-content\/uploads\/2020\/11\/Calendario-3\u00b0-edizione.pdf\" target=\"_blank\" class=\"button success\"  style=\"border-radius:99px;\">\n    <span>Calendario 3\u00b0 edizione<\/span>\n  <\/a>\n\n\n\n<\/div><\/div>\n<div class=\"col medium-6 small-12 large-6\"  ><div class=\"col-inner text-center\" style=\"background-color:rgb(231, 231, 231);\" >\n\n<h2 class=\"uppercase bold\" style=\"text-align: center;\" data-line-height=\"xs\"><b>QUARTA EDIZIONE<\/b><\/h2>\n<p style=\"text-align: center;\" data-line-height=\"xs\"><span style=\"font-size: 120%;\">bacino d\u2019utenza provincia <strong>Regione Veneto<\/strong><\/span><\/p>\n<p style=\"text-align: center;\" data-line-height=\"xs\"><span style=\"font-size: 120%;\">modalit\u00e0 e-learning<\/span><\/p>\n<p style=\"text-align: center;\" data-line-height=\"xs\"><span style=\"font-size: 130%;\" data-line-height=\"s\"><strong>Data di inizio: <\/strong>01 Settembre 2021<\/span><\/p>\n<p style=\"text-align: center;\"><span style=\"font-size: 130%;\" data-line-height=\"xs\"><strong>Data di fine:<\/strong> 01 Dicembre 2021<\/span><\/p>\n<p style=\"text-align: center;\"><span style=\"font-size: 105%;\"><strong>Termine ultimo per le iscrizioni: 29 Agosto 2021<\/strong><\/span><\/p>\n<a rel=\"noopener noreferrer\" href=\"https:\/\/eraclitea.org\/progettoprepairregioneveneto\/wp-content\/uploads\/2021\/07\/Calendario-4\u00b0-edizione.Rev01.pdf\" target=\"_blank\" class=\"button success\"  style=\"border-radius:99px;\">\n    <span>Calendario 4\u00b0 edizione<\/span>\n  <\/a>\n\n\n\n<\/div><\/div>\n<div class=\"col small-12 large-12\"  ><div class=\"col-inner text-center dark\" style=\"background-color:#446084;\" >\n\n<h2 class=\"uppercase bold\" style=\"text-align: center;\" data-line-height=\"xs\"><b>QUINTA E CONCLUSIVA EDIZIONE<\/b><\/h2>\n<p style=\"text-align: center;\" data-line-height=\"xs\"><span style=\"font-size: 120%;\">bacino d\u2019utenza provincia <strong>Regione Veneto<\/strong><\/span><\/p>\n<p style=\"text-align: center;\" data-line-height=\"xs\"><span style=\"font-size: 120%;\">modalit\u00e0 e-learning<\/span><\/p>\n<p style=\"text-align: center;\" data-line-height=\"xs\"><span style=\"font-size: 130%;\" data-line-height=\"s\"><strong>Data di inizio: <\/strong>09 Febbraio 2022<\/span><\/p>\n<p style=\"text-align: center;\"><span style=\"font-size: 130%;\" data-line-height=\"xs\"><strong>Data di fine:<\/strong> 11 Maggio 2022<\/span><\/p>\n<p style=\"text-align: center;\"><span style=\"color: #ffcc00; font-size: 130%;\"><strong>POSTICIPATA AL 18 MAGGIO 2022<\/strong><\/span><\/p>\n<p style=\"text-align: center;\">Termine ultimo per le iscrizioni: 04 Febbraio 2022<\/p>\n<a rel=\"noopener noreferrer\" href=\"https:\/\/eraclitea.org\/progettoprepairregioneveneto\/wp-content\/uploads\/2022\/04\/Calendario-5\u00b0-edizione_Rev05.pdf\" target=\"_blank\" class=\"button success\"  style=\"border-radius:99px;\">\n    <span>Calendario 5\u00b0 edizione<\/span>\n  <\/a>\n\n\n\n<\/div><\/div>\n\n\n<style scope=\"scope\">\n\n<\/style>\n<\/div>\n\n\t\t<\/div><!-- .section-content -->\n\n\t\t\n<style scope=\"scope\">\n\n#section_1980913072 {\n  padding-top: 5px;\n  padding-bottom: 5px;\n}\n<\/style>\n\t<\/section>\n\t\n\t<section class=\"section\" id=\"section_627185023\">\n\t\t<div class=\"bg section-bg fill bg-fill  bg-loaded\" >\n\n\t\t\t\n\t\t\t\n\t\t\t\n\n\t\t<\/div><!-- .section-bg -->\n\n\t\t<div class=\"section-content relative\">\n\t\t\t\n\n<div class=\"row\" style=\"max-width:1500px\" id=\"row-1511633248\">\n\n<div class=\"col medium-6 small-12 large-6\"  ><div class=\"col-inner\"  >\n\n<h2 style=\"font-size: 23.04px;\"><img loading=\"lazy\" decoding=\"async\" class=\"aligncenter wp-image-73\" src=\"https:\/\/eraclitea.org\/progettoprepairregioneveneto\/wp-content\/uploads\/2020\/01\/confirm.png\" alt=\"\" width=\"70\" height=\"70\" srcset=\"https:\/\/eraclitea.org\/progettoprepairregioneveneto\/wp-content\/uploads\/2020\/01\/confirm.png 256w, https:\/\/eraclitea.org\/progettoprepairregioneveneto\/wp-content\/uploads\/2020\/01\/confirm-150x150.png 150w\" sizes=\"auto, (max-width: 70px) 100vw, 70px\" \/><\/h2>\n<h2 class=\"uppercase bold\" style=\"text-align: center;\"><b>OBIETTIVO\u00a0DEI CORSI<\/b><\/h2>\n<p style=\"text-align: left;\"><span style=\"font-size: 115%;\" data-line-height=\"s\">Offrire una serie di conoscenze tecniche ed operative spendibili nei vari contesti professionali, promuovere l\u2019integrazione tra le diverse figure coinvolte nei processi di efficientamento energetico, promuovere la cultura della riduzione dei consumi energetici analizzando le varie aree tematiche interessate: tecnica e tecnologica, economica e fiscale, gestionale e giuridica.<\/span><\/p>\n\n<\/div><\/div>\n<div class=\"col medium-6 small-12 large-6\"  ><div class=\"col-inner\"  >\n\n<h2><img loading=\"lazy\" decoding=\"async\" class=\"aligncenter wp-image-73\" src=\"https:\/\/eraclitea.org\/progettoprepairregioneveneto\/wp-content\/uploads\/2020\/01\/confirm.png\" alt=\"\" width=\"70\" height=\"70\" srcset=\"https:\/\/eraclitea.org\/progettoprepairregioneveneto\/wp-content\/uploads\/2020\/01\/confirm.png 256w, https:\/\/eraclitea.org\/progettoprepairregioneveneto\/wp-content\/uploads\/2020\/01\/confirm-150x150.png 150w\" sizes=\"auto, (max-width: 70px) 100vw, 70px\" \/><\/h2>\n<h2 class=\"uppercase color-primary mb40 mb-xs-24 bold\" style=\"text-align: center;\"><strong>REQUISITI DI PARTECIPAZIONE<\/strong><\/h2>\n<p style=\"text-align: left;\"><span style=\"color: #808080; font-size: 115%;\" data-line-height=\"s\">Potranno iscriversi al corso le seguenti categorie professionali, presentando i documenti meglio specificati di seguito<\/span><\/p>\n<p style=\"text-align: left;\" data-line-height=\"s\"><span style=\"font-size: 115%;\">&#8211; <strong>AMMINISTRATORI<\/strong>: lettera motivazionale, CV, conformit\u00e0 ad aggiornamento obbligatorio previsto\u00a0 secondo D.M. 140\/2014<\/span><\/p>\n<p style=\"text-align: left;\" data-line-height=\"s\"><span style=\"font-size: 115%;\">&#8211; <strong>ARTIGIANI E IMPRESE<\/strong>: lettera motivazionale, CV, appartenenza a figure tecniche, maestri artigiani o\u00a0 altro tipo di accreditamento<\/span><\/p>\n<p style=\"text-align: left;\" data-line-height=\"s\"><span style=\"font-size: 115%;\">&#8211; <strong>ARCHITETTI, GEOMETRI, INGEGNERI, PERITI<\/strong>: lettera motivazionale, CV, iscrizione all&#8217;ordine <\/span><span style=\"font-size: 115%;\">professionale o al collegio.<\/span><\/p>\n<p><span style=\"font-size: 85%;\" data-line-height=\"s\">Fermo restando la precedenza ai soggetti sopra elencati, potranno essere coinvolte nella proposta formativa anche le seguenti ulteriori categorie:<\/span><br \/><span style=\"font-size: 85%;\" data-line-height=\"s\">&#8211; ESCO (Energy Service Company)<\/span><br \/><span style=\"font-size: 85%;\" data-line-height=\"s\">&#8211; Commercialisti<\/span><br \/><span style=\"font-size: 85%;\" data-line-height=\"s\">&#8211; Consiglieri e\/o responsabili formazione professionale continua degli ordini p<\/span><span style=\"font-size: 85%;\" data-line-height=\"s\">rofessionali delle <\/span><span style=\"font-size: 85%;\" data-line-height=\"s\">categorie interessate<\/span><br \/><span style=\"font-size: 85%;\" data-line-height=\"s\">&#8211; Rappresentanti Confindustria<\/span><br \/><span style=\"font-size: 85%;\" data-line-height=\"s\">&#8211; Rappresentanti ANCE<\/span><br \/><span style=\"font-size: 85%;\" data-line-height=\"s\">&#8211; Rappresentanti istituti bancari. <\/span><\/p>\n\n<\/div><\/div>\n\n\n<style scope=\"scope\">\n\n<\/style>\n<\/div>\n\n\t\t<\/div><!-- .section-content -->\n\n\t\t\n<style scope=\"scope\">\n\n#section_627185023 {\n  padding-top: 30px;\n  padding-bottom: 30px;\n}\n<\/style>\n\t<\/section>\n\t\n\t<section class=\"section\" id=\"section_1539550524\">\n\t\t<div class=\"bg section-bg fill bg-fill  bg-loaded\" >\n\n\t\t\t\n\t\t\t\n\t\t\t\n\n\t\t<\/div><!-- .section-bg -->\n\n\t\t<div class=\"section-content relative\">\n\t\t\t\n\n<div class=\"row\"  id=\"row-1550710535\">\n\n<div class=\"col small-12 large-12\"  ><div class=\"col-inner\"  >\n\n<h2 style=\"text-align: center;\"><strong>ISCRIZIONI<\/strong><\/h2>\n<p><img loading=\"lazy\" decoding=\"async\" class=\"aligncenter wp-image-51\" src=\"https:\/\/eraclitea.org\/progettoprepairregioneveneto\/wp-content\/uploads\/2020\/01\/Iscrizioni1-150x150.png\" alt=\"\" width=\"100\" height=\"100\" srcset=\"https:\/\/eraclitea.org\/progettoprepairregioneveneto\/wp-content\/uploads\/2020\/01\/Iscrizioni1-150x150.png 150w, https:\/\/eraclitea.org\/progettoprepairregioneveneto\/wp-content\/uploads\/2020\/01\/Iscrizioni1.png 256w\" sizes=\"auto, (max-width: 100px) 100vw, 100px\" \/><\/p>\n<p style=\"text-align: left;\" data-line-height=\"m\">Il percorso formativo \u00e8 finanziato dal progetto europeo <strong>LIFE PREPAIR<\/strong>. La partecipazione ai corsi \u00e8 <strong>gratuita.<\/strong><\/p>\n<p data-line-height=\"m\">Il corso dar\u00e0 diritto al rilascio dei crediti formativi riconosciuti da ciascun Ordine.<\/p>\n<h4 data-line-height=\"m\"><strong>Il numero dei partecipanti previsti per ciascuna delle quattro edizioni del corso \u00e8 compreso tra le 30-50 unita.<\/strong><\/h4>\n<p style=\"text-align: left;\" data-line-height=\"m\"><span style=\"font-size: 130%; color: #ff0000;\">Ciascun candidato dovr\u00e0 presentare apposita domanda seguendo i passaggi elencati sotto, tutto dovr\u00e0 essere inviato tramite email al seguente indirizzo: <strong>progettoprepairegioneveneto@eraclitea.it<\/strong> unitamente ai documenti richiesti nei <strong>&#8220;requisiti di selezione&#8221;<\/strong><\/span><\/p>\n<p style=\"text-align: left;\" data-line-height=\"m\">Nel caso in cui siano pervenute domande di iscrizione in numero superiore alle 50 unit\u00e0, si proceder\u00e0 ad una selezione che terr\u00e0 conto degli elementi indicati nella tabella \u201ccriteri di selezione\u201d.<\/p>\n\n<\/div><\/div>\n\n<\/div>\n\n\t\t<\/div><!-- .section-content -->\n\n\t\t\n<style scope=\"scope\">\n\n#section_1539550524 {\n  padding-top: 0px;\n  padding-bottom: 0px;\n  background-color: rgb(231, 231, 231);\n}\n<\/style>\n\t<\/section>\n\t\n\t<section class=\"section dark\" id=\"section_2082171730\">\n\t\t<div class=\"bg section-bg fill bg-fill  bg-loaded\" >\n\n\t\t\t\n\t\t\t\n\t\t\t\n\n\t\t<\/div><!-- .section-bg -->\n\n\t\t<div class=\"section-content relative\">\n\t\t\t\n\n<h1 style=\"text-align: center;\">PASSAGGI PER ISCRIVERSI<\/h1>\n<div class=\"row align-center\"  id=\"row-2003065677\">\n\n<div class=\"col medium-4 small-12 large-4\"  data-animate=\"fadeInUp\"><div class=\"col-inner text-center\"  >\n\n<h5 style=\"text-align: center;\">1) VISIONARE I CRITERI DI SELEZIONE<\/h5>\n<div class=\"gap-element clearfix\" style=\"display:block; height:auto; padding-top:15px\"><\/div>\n\n<a rel=\"noopener noreferrer\" href=\"https:\/\/eraclitea.org\/progettoprepairregioneveneto\/wp-content\/uploads\/2020\/01\/Criteri-di-selezione.pdf\" target=\"_blank\" class=\"button primary\"  style=\"border-radius:99px;\">\n    <span>VISIONA I CRITERI<\/span>\n  <\/a>\n\n\n\n<\/div><\/div>\n<div class=\"col medium-4 small-12 large-4\"  data-animate=\"fadeInUp\"><div class=\"col-inner text-center\"  >\n\n<h5 style=\"text-align: center;\">2) COMPILARE IL PDF E IL FILE L&#8217;EXCEL<\/h5>\n<div class=\"gap-element clearfix\" style=\"display:block; height:auto; padding-top:15px\"><\/div>\n\n<a rel=\"noopener noreferrer\" href=\"https:\/\/eraclitea.org\/progettoprepairregioneveneto\/wp-content\/uploads\/2020\/01\/Contratto-iscrizione-eraclitea.pdf\" target=\"_blank\" class=\"button primary\"  style=\"border-radius:99px;\">\n    <span>scarica PDF<\/span>\n  <\/a>\n\n\n<a rel=\"noopener noreferrer\" href=\"https:\/\/eraclitea.org\/progettoprepairregioneveneto\/wp-content\/uploads\/2022\/01\/modulo-inserimento-utent.xls\" target=\"_blank\" class=\"button primary\"  style=\"border-radius:99px;\">\n    <span>scarica EXCEL<\/span>\n  <\/a>\n\n\n\n<\/div><\/div>\n<div class=\"col medium-4 small-12 large-4\"  data-animate=\"fadeInUp\"><div class=\"col-inner text-center\"  >\n\n<h5 style=\"text-align: center;\">3) REGISTRARSI AL SEGUENTE LINK<\/h5>\n<div class=\"gap-element clearfix\" style=\"display:block; height:auto; padding-top:15px\"><\/div>\n\n<a rel=\"noopener noreferrer\" href=\"https:\/\/eraclitea.it\/areaelearning\/login\/signup.php?\" target=\"_blank\" class=\"button primary\"  style=\"border-radius:99px;\">\n    <span>VAI AL LINK<\/span>\n  <\/a>\n\n\n\n<\/div><\/div>\n\n\n<style scope=\"scope\">\n\n<\/style>\n<\/div>\n\n\t\t<\/div><!-- .section-content -->\n\n\t\t\n<style scope=\"scope\">\n\n#section_2082171730 {\n  padding-top: 25px;\n  padding-bottom: 25px;\n  background-color: #7a9c59;\n}\n<\/style>\n\t<\/section>\n\t\n<div class=\"text-center\"><div class=\"is-divider divider clearfix\" style=\"max-width:500px;\"><\/div><\/div><!-- .divider -->\n\n\t<section class=\"section\" id=\"section_1783911929\">\n\t\t<div class=\"bg section-bg fill bg-fill  bg-loaded\" >\n\n\t\t\t\n\t\t\t\n\t\t\t\n\n\t\t<\/div><!-- .section-bg -->\n\n\t\t<div class=\"section-content relative\">\n\t\t\t\n\n<div class=\"row row-collapse align-center\"  id=\"row-2031897386\">\n\n<div class=\"col small-12 large-12\"  ><div class=\"col-inner text-center\"  >\n\n\t<div class=\"img has-hover x md-x lg-x y md-y lg-y\" id=\"image_545081579\">\n\t\t\t\t\t\t\t\t<div class=\"img-inner dark\" >\n\t\t\t<img loading=\"lazy\" decoding=\"async\" width=\"911\" height=\"1000\" src=\"https:\/\/eraclitea.org\/progettoprepairregioneveneto\/wp-content\/uploads\/2021\/07\/progetto-veneto-rev6.jpg\" class=\"attachment-original size-original\" alt=\"\" srcset=\"https:\/\/eraclitea.org\/progettoprepairregioneveneto\/wp-content\/uploads\/2021\/07\/progetto-veneto-rev6.jpg 911w, https:\/\/eraclitea.org\/progettoprepairregioneveneto\/wp-content\/uploads\/2021\/07\/progetto-veneto-rev6-273x300.jpg 273w, https:\/\/eraclitea.org\/progettoprepairregioneveneto\/wp-content\/uploads\/2021\/07\/progetto-veneto-rev6-768x843.jpg 768w\" sizes=\"auto, (max-width: 911px) 100vw, 911px\" \/>\t\t\t\t\t\t\n\t\t\t\t\t<\/div>\n\t\t\t\t\t\t\t\t\n<style scope=\"scope\">\n\n#image_545081579 {\n  width: 50%;\n}\n<\/style>\n\t<\/div>\n\t\n\n\n<\/div><\/div>\n\n\n<style scope=\"scope\">\n\n<\/style>\n<\/div>\n\n\t\t<\/div><!-- .section-content -->\n\n\t\t\n<style scope=\"scope\">\n\n#section_1783911929 {\n  padding-top: 0px;\n  padding-bottom: 0px;\n}\n<\/style>\n\t<\/section>\n\t\n\n","protected":false},"excerpt":{"rendered":"","protected":false},"author":1,"featured_media":0,"parent":0,"menu_order":0,"comment_status":"closed","ping_status":"closed","template":"page-blank.php","meta":{"footnotes":""},"class_list":["post-2","page","type-page","status-publish","hentry"],"_links":{"self":[{"href":"https:\/\/eraclitea.org\/progettoprepairregioneveneto\/index.php\/wp-json\/wp\/v2\/pages\/2","targetHints":{"allow":["GET"]}}],"collection":[{"href":"https:\/\/eraclitea.org\/progettoprepairregioneveneto\/index.php\/wp-json\/wp\/v2\/pages"}],"about":[{"href":"https:\/\/eraclitea.org\/progettoprepairregioneveneto\/index.php\/wp-json\/wp\/v2\/types\/page"}],"author":[{"embeddable":true,"href":"https:\/\/eraclitea.org\/progettoprepairregioneveneto\/index.php\/wp-json\/wp\/v2\/users\/1"}],"replies":[{"embeddable":true,"href":"https:\/\/eraclitea.org\/progettoprepairregioneveneto\/index.php\/wp-json\/wp\/v2\/comments?post=2"}],"version-history":[{"count":220,"href":"https:\/\/eraclitea.org\/progettoprepairregioneveneto\/index.php\/wp-json\/wp\/v2\/pages\/2\/revisions"}],"predecessor-version":[{"id":305,"href":"https:\/\/eraclitea.org\/progettoprepairregioneveneto\/index.php\/wp-json\/wp\/v2\/pages\/2\/revisions\/305"}],"wp:attachment":[{"href":"https:\/\/eraclitea.org\/progettoprepairregioneveneto\/index.php\/wp-json\/wp\/v2\/media?parent=2"}],"curies":[{"name":"wp","href":"https:\/\/api.w.org\/{rel}","templated":true}]}}